{"id":22,"date":"2019-03-17T20:49:51","date_gmt":"2019-03-17T19:49:51","guid":{"rendered":"https:\/\/plateaulachaud.fr\/?page_id=22"},"modified":"2019-10-03T20:26:03","modified_gmt":"2019-10-03T18:26:03","slug":"pourquoi-allons-nous-reussir","status":"publish","type":"page","link":"https:\/\/plateaulachaud.fr\/index.php\/pourquoi-allons-nous-reussir\/","title":{"rendered":"Pourquoi allons-nous r\u00e9ussir ?"},"content":{"rendered":"\n<p> Dans cette rubrique nous allons publier des articles sur nos soutiens, les moyens d&rsquo;actions \u00e0 notre disposition et des exemples et t\u00e9moignages d&rsquo;associations qui ont r\u00e9ussi \u00e0 s&rsquo;opposer \u00e0 des projets aussi fou que celui de cette nouvelle carri\u00e8re \u00e0 Ch\u00e2teaugay. Nos actions vont permettre de r\u00e9pondre \u00e0 la question : pourquoi allons-nous r\u00e9ussir ! <\/p>\n\n\n\n<h2 class=\"wp-block-heading\">Action !<\/h2>\n\n\n<p>Voici d\u00e9j\u00e0 une liste des actions que nous avons entrepris :<\/p>\n<ul>\n<li>Rencontres avec des \u00e9lus : en particulier les maires des diff\u00e9rentes communes limitrophes \u00e0 Ch\u00e2teaugay : Marsat, Sayat, Malauzat, Volvic et C\u00e9bazat<\/li>\n<li>Informations \u00e9crites aux \u00e9lus : en particulier monsieur <span id=\"idtem3ae5c6e\" class=\"skin--tooltip tooltip-elu tooltipstered\"><a href=\"https:\/\/www.puy-de-dome.fr\/conseil-departemental-du-puy-de-dome-63\/organigramme.html\">Jean-Yves GOUTTEBEL pr\u00e9sident du conseil d\u00e9partemental du Puy de D\u00f4me<\/a> et<\/span>\u00a0madame <a href=\"http:\/\/www.puy-de-dome.gouv.fr\/IMG\/pdf\/organigramme_pref63_2019.04.pdf\">Anne-Ga\u00eblle BAUDOUIN-CLERC pr\u00e9f\u00e8te du Puy de D\u00f4me<\/a><\/li>\n<li>Partage avec des associations qui ont gagn\u00e9 et nous soutiennent<\/li>\n<li>R\u00e9unions d\u2019informations et tracts<\/li>\n<li>Communication lors des vides greniers<\/li>\n<li>Obtention du soutien du Conservatoire des Espaces Naturels<\/li>\n<li>Obtention du soutien de la FRANE<\/li>\n<li>Contact avec un avocat<\/li>\n<li>Mise en alerte d\u2019un huissier<\/li>\n<li>Informations aupr\u00e8s des <a href=\"https:\/\/plateaulachaud.fr\/index.php\/2019\/08\/25\/et-en-matiere-assurance-carriere-chateaugay\/\">compagnies d&rsquo;assurance<\/a><\/li>\n<li>Recherche d\u2019une personnalit\u00e9 qui pourrait nous parrainer et<br \/>contacts avec la presse \u00e9crite et radio.<\/li>\n<li><a href=\"https:\/\/plateaulachaud.fr\/index.php\/2019\/04\/29\/comment-faciliter-une-etude-environnementale\/\">D\u00e9frichement stopp\u00e9<\/a> suite \u00e0 notre alerte environnementale<\/li>\n<li><a href=\"https:\/\/plateaulachaud.fr\/index.php\/2019\/09\/17\/carriere-chateaugay-interview-riverain\/\">Interview<\/a> d&rsquo;un riverain des Mauvaises<\/li>\n<\/ul>\n\n\n<h2 class=\"wp-block-heading\">Nos actions en d\u00e9tail<\/h2>\n\n\n\n<p>Et certaines de nos actions ont d\u00e9j\u00e0 port\u00e9es leurs fruits. Par exemple nos r\u00e9unions d&rsquo;informations publiques sont un succ\u00e8s. En effet vous \u00eates nombreuses et nombreux \u00e0 venir vous informer. Un exemple <a href=\"https:\/\/plateaulachaud.fr\/index.php\/2019\/06\/10\/reunion-du-6-juin-sur-la-commune-de-malauzat\/\">ici <\/a>avec l&rsquo;article concernant la <a href=\"https:\/\/plateaulachaud.fr\/index.php\/2019\/06\/10\/reunion-du-6-juin-sur-la-commune-de-malauzat\/\">r\u00e9union \u00e0 Malauzat<\/a> le 6 juin 2019. Et aussi <a href=\"https:\/\/plateaulachaud.fr\/index.php\/2019\/10\/03\/reunion-du-26-septembre-a-saint-genes-lenfant\/\">l&rsquo;article de notre derni\u00e8re r\u00e9union pour les Marsadaire<\/a>s, le 26 septembre 2019<\/p>\n\n\n\n<p>Vous nous avez aussi r\u00e9serv\u00e9 un accueil chaleureux lors du vide grenier du premier mai \u00e0 Ch\u00e2teaugay. Nous en parlons <a href=\"https:\/\/plateaulachaud.fr\/index.php\/2019\/05\/03\/un-premier-mai-a-chateaugay\/\">ici<\/a>.<\/p>\n\n\n\n<p>Nous avons aussi&nbsp;\u00e9t\u00e9 invit\u00e9 \u00e0 l&rsquo;\u00e9mission \u00ab\u00a0L&rsquo;invit\u00e9 H2O\u00a0\u00bb de Christophe Noiseux sur France Bleu Auvergne. Les d\u00e9tails sont dans<a href=\"https:\/\/plateaulachaud.fr\/index.php\/2019\/07\/01\/nous-sommes-a-lantenne\/\"> cet article<\/a>.<\/p>\n\n\n\n<p>Vous pouvez aller lire nos courriers :<\/p>\n\n\n\n<ul class=\"wp-block-list\"><li><a href=\"https:\/\/plateaulachaud.fr\/index.php\/2019\/08\/13\/madame-la-prefete-non-a-une-nouvelle-carriere\/\">envoy\u00e9<\/a> \u00e0 Anne-Ga\u00eblle BAUDOUIN-CLERC pr\u00e9f\u00e8te du Puy de D\u00f4me (en juin 2019).<\/li><li><a href=\"https:\/\/plateaulachaud.fr\/index.php\/2019\/08\/13\/president-non-a-une-nouvelle-carriere-chateaugay\/\">envoy\u00e9 <\/a>\u00e0 Jean-Yves GOUTTEBEL pr\u00e9sident du conseil d\u00e9partemental du Puy de D\u00f4me (en juin 2019).<\/li><li><a href=\"https:\/\/plateaulachaud.fr\/index.php\/2019\/10\/03\/president-metropole-non-a-une-nouvelle-carriere-chateaugay\/\">envoy\u00e9 <\/a>\u00e0\u00a0Olivier Bianchi, maire de Clermont-Ferrand et pr\u00e9sident de Clermont-Auvergne-M\u00e9tropole\u00a0(en septembre 2019).<\/li><\/ul>\n\n\n\n<p>Nous avons fait r\u00e9aliser des panneaux individuels \u00ab\u00a0<a href=\"https:\/\/plateaulachaud.fr\/index.php\/2019\/09\/10\/panneaux-non-carriere-chateaugay\/\">Non \u00e0 une nouvelle carri\u00e8re \u00e0 Ch\u00e2teaugay<\/a>\u00ab\u00a0. Ceci afin de marquer notre opposition \u00e0 ce projet de nouvelle carri\u00e8re \u00e0 Ch\u00e2teaugay et la force de notre collectif. Vous pouvez vous les procurez et afficher ainsi votre soutien \u00e0 l&rsquo;association.<\/p>\n\n\n\n<p>Nous avons aussi d&rsquo;autres actions en cours, d&rsquo;autres r\u00e9unions en attente. Ce site internet est vivant, nous le mettons \u00e0 jour r\u00e9guli\u00e8rement afin de vous faire part des derni\u00e8res informations concernant ce projet de carri\u00e8re \u00e0 Ch\u00e2teaugay.<\/p>\n\n\n\n<p><strong>NON, il n&rsquo;est pas trop tard pour agir et r\u00e9agir.<\/strong><\/p>\n\n\n\n<p>Tous les articles de la rubrique :&nbsp;<a href=\"\/index.php\/category\/soutien\/\" target=\"_blank\" rel=\"noreferrer noopener\">les articles<\/a><\/p>\n\n\n\n<blockquote class=\"wp-block-quote is-layout-flow wp-block-quote-is-layout-flow\"><p>Photo par <a href=\"\/\/commons.wikimedia.org\/wiki\/User:GaMip\">GaMip<\/a> \u2014 Travail personnel, <a href=\"https:\/\/creativecommons.org\/licenses\/by-sa\/3.0\">CC BY-SA 3.0<\/a>, <a href=\"https:\/\/commons.wikimedia.org\/w\/index.php?curid=4552616\">Lien<\/a><\/p><\/blockquote>\n","protected":false},"excerpt":{"rendered":"<p>Dans cette rubrique nous allons publier des articles sur nos soutiens, les moyens d&rsquo;actions \u00e0 notre disposition et des exemples et t\u00e9moignages d&rsquo;associations qui ont r\u00e9ussi \u00e0 s&rsquo;opposer \u00e0 des projets aussi fou que celui de cette nouvelle carri\u00e8re \u00e0 Ch\u00e2teaugay. Nos actions vont permettre de r\u00e9pondre \u00e0 la question : pourquoi allons-nous r\u00e9ussir ! Action ! Voici d\u00e9j\u00e0 une liste des actions que nous avons entrepris : Rencontres avec des \u00e9lus : en particulier les maires des diff\u00e9rentes communes&#8230;<\/p>\n<p class=\"read-more\"><a class=\"btn btn-default\" href=\"https:\/\/plateaulachaud.fr\/index.php\/pourquoi-allons-nous-reussir\/\">Lire la suite<span class=\"screen-reader-text\"> Lire la suite<\/span><\/a><\/p>\n","protected":false},"author":1,"featured_media":35,"parent":0,"menu_order":0,"comment_status":"closed","ping_status":"closed","template":"","meta":{"footnotes":""},"class_list":["post-22","page","type-page","status-publish","has-post-thumbnail","hentry"],"yoast_head":"<!-- This site is optimized with the Yoast SEO plugin v27.5 - https:\/\/yoast.com\/product\/yoast-seo-wordpress\/ -->\n<title>Nous allons r\u00e9ussir -Pr\u00e9servons le plateau de Lachaud et Ch\u00e2teaugay<\/title>\n<meta name=\"description\" content=\"Pourquoi nous allons r\u00e9ussir ? Actions de l&#039;association Pr\u00e9servons le plateau de Lachaud et Ch\u00e2teaugay contre le projet de carri\u00e8re \u00e0 Ch\u00e2teaugay.\" \/>\n<meta name=\"robots\" content=\"index, follow, max-snippet:-1, max-image-preview:large, max-video-preview:-1\" \/>\n<link rel=\"canonical\" href=\"https:\/\/plateaulachaud.fr\/index.php\/pourquoi-allons-nous-reussir\/\" \/>\n<meta property=\"og:locale\" content=\"fr_FR\" \/>\n<meta property=\"og:type\" content=\"article\" \/>\n<meta property=\"og:title\" content=\"Nous allons r\u00e9ussir -Pr\u00e9servons le plateau de Lachaud et Ch\u00e2teaugay\" \/>\n<meta property=\"og:description\" content=\"Pourquoi nous allons r\u00e9ussir ? Actions de l&#039;association Pr\u00e9servons le plateau de Lachaud et Ch\u00e2teaugay contre le projet de carri\u00e8re \u00e0 Ch\u00e2teaugay.\" \/>\n<meta property=\"og:url\" content=\"https:\/\/plateaulachaud.fr\/index.php\/pourquoi-allons-nous-reussir\/\" \/>\n<meta property=\"og:site_name\" content=\"Pr\u00e9servons le plateau de Lachaud et Ch\u00e2teaugay\" \/>\n<meta property=\"article:modified_time\" content=\"2019-10-03T18:26:03+00:00\" \/>\n<meta property=\"og:image\" content=\"https:\/\/i2.wp.com\/plateaulachaud.fr\/wp-content\/uploads\/2019\/03\/1024px-Ville_de_Ch\u00e2teaugay.jpg?fit=1024%2C768&ssl=1\" \/>\n\t<meta property=\"og:image:width\" content=\"1024\" \/>\n\t<meta property=\"og:image:height\" content=\"768\" \/>\n\t<meta property=\"og:image:type\" content=\"image\/jpeg\" \/>\n<meta name=\"twitter:card\" content=\"summary_large_image\" \/>\n<meta name=\"twitter:label1\" content=\"Dur\u00e9e de lecture estim\u00e9e\" \/>\n\t<meta name=\"twitter:data1\" content=\"2 minutes\" \/>\n<script type=\"application\/ld+json\" class=\"yoast-schema-graph\">{\"@context\":\"https:\\\/\\\/schema.org\",\"@graph\":[{\"@type\":\"WebPage\",\"@id\":\"https:\\\/\\\/plateaulachaud.fr\\\/index.php\\\/pourquoi-allons-nous-reussir\\\/\",\"url\":\"https:\\\/\\\/plateaulachaud.fr\\\/index.php\\\/pourquoi-allons-nous-reussir\\\/\",\"name\":\"Nous allons r\u00e9ussir -Pr\u00e9servons le plateau de Lachaud et Ch\u00e2teaugay\",\"isPartOf\":{\"@id\":\"https:\\\/\\\/plateaulachaud.fr\\\/#website\"},\"primaryImageOfPage\":{\"@id\":\"https:\\\/\\\/plateaulachaud.fr\\\/index.php\\\/pourquoi-allons-nous-reussir\\\/#primaryimage\"},\"image\":{\"@id\":\"https:\\\/\\\/plateaulachaud.fr\\\/index.php\\\/pourquoi-allons-nous-reussir\\\/#primaryimage\"},\"thumbnailUrl\":\"https:\\\/\\\/i0.wp.com\\\/plateaulachaud.fr\\\/wp-content\\\/uploads\\\/2019\\\/03\\\/1024px-Ville_de_Ch%C3%A2teaugay.jpg?fit=1024%2C768&ssl=1\",\"datePublished\":\"2019-03-17T19:49:51+00:00\",\"dateModified\":\"2019-10-03T18:26:03+00:00\",\"description\":\"Pourquoi nous allons r\u00e9ussir ? Actions de l'association Pr\u00e9servons le plateau de Lachaud et Ch\u00e2teaugay contre le projet de carri\u00e8re \u00e0 Ch\u00e2teaugay.\",\"breadcrumb\":{\"@id\":\"https:\\\/\\\/plateaulachaud.fr\\\/index.php\\\/pourquoi-allons-nous-reussir\\\/#breadcrumb\"},\"inLanguage\":\"fr-FR\",\"potentialAction\":[{\"@type\":\"ReadAction\",\"target\":[\"https:\\\/\\\/plateaulachaud.fr\\\/index.php\\\/pourquoi-allons-nous-reussir\\\/\"]}]},{\"@type\":\"ImageObject\",\"inLanguage\":\"fr-FR\",\"@id\":\"https:\\\/\\\/plateaulachaud.fr\\\/index.php\\\/pourquoi-allons-nous-reussir\\\/#primaryimage\",\"url\":\"https:\\\/\\\/i0.wp.com\\\/plateaulachaud.fr\\\/wp-content\\\/uploads\\\/2019\\\/03\\\/1024px-Ville_de_Ch%C3%A2teaugay.jpg?fit=1024%2C768&ssl=1\",\"contentUrl\":\"https:\\\/\\\/i0.wp.com\\\/plateaulachaud.fr\\\/wp-content\\\/uploads\\\/2019\\\/03\\\/1024px-Ville_de_Ch%C3%A2teaugay.jpg?fit=1024%2C768&ssl=1\",\"width\":1024,\"height\":768,\"caption\":\"Vue g\u00e9n\u00e9rale de la ville de Ch\u00e2teaugay en 2008. GaMip \u2014 Travail personnel\"},{\"@type\":\"BreadcrumbList\",\"@id\":\"https:\\\/\\\/plateaulachaud.fr\\\/index.php\\\/pourquoi-allons-nous-reussir\\\/#breadcrumb\",\"itemListElement\":[{\"@type\":\"ListItem\",\"position\":1,\"name\":\"Accueil\",\"item\":\"https:\\\/\\\/plateaulachaud.fr\\\/\"},{\"@type\":\"ListItem\",\"position\":2,\"name\":\"Pourquoi allons-nous r\u00e9ussir ?\"}]},{\"@type\":\"WebSite\",\"@id\":\"https:\\\/\\\/plateaulachaud.fr\\\/#website\",\"url\":\"https:\\\/\\\/plateaulachaud.fr\\\/\",\"name\":\"Pr\u00e9servons le plateau de Lachaud et Ch\u00e2teaugay\",\"description\":\"Non \u00e0 une nouvelle carri\u00e8re.\",\"publisher\":{\"@id\":\"https:\\\/\\\/plateaulachaud.fr\\\/#organization\"},\"potentialAction\":[{\"@type\":\"SearchAction\",\"target\":{\"@type\":\"EntryPoint\",\"urlTemplate\":\"https:\\\/\\\/plateaulachaud.fr\\\/?s={search_term_string}\"},\"query-input\":{\"@type\":\"PropertyValueSpecification\",\"valueRequired\":true,\"valueName\":\"search_term_string\"}}],\"inLanguage\":\"fr-FR\"},{\"@type\":\"Organization\",\"@id\":\"https:\\\/\\\/plateaulachaud.fr\\\/#organization\",\"name\":\"Pr\u00e9servons le Plateau de Lachaud et Ch\u00e2teaugay\",\"url\":\"https:\\\/\\\/plateaulachaud.fr\\\/\",\"logo\":{\"@type\":\"ImageObject\",\"inLanguage\":\"fr-FR\",\"@id\":\"https:\\\/\\\/plateaulachaud.fr\\\/#\\\/schema\\\/logo\\\/image\\\/\",\"url\":\"https:\\\/\\\/i2.wp.com\\\/plateaulachaud.fr\\\/wp-content\\\/uploads\\\/2019\\\/09\\\/Plateau-arc-en-ciel-PANO.jpg?fit=6235%2C1606&ssl=1\",\"contentUrl\":\"https:\\\/\\\/i2.wp.com\\\/plateaulachaud.fr\\\/wp-content\\\/uploads\\\/2019\\\/09\\\/Plateau-arc-en-ciel-PANO.jpg?fit=6235%2C1606&ssl=1\",\"width\":6235,\"height\":1606,\"caption\":\"Pr\u00e9servons le Plateau de Lachaud et Ch\u00e2teaugay\"},\"image\":{\"@id\":\"https:\\\/\\\/plateaulachaud.fr\\\/#\\\/schema\\\/logo\\\/image\\\/\"}}]}<\/script>\n<!-- \/ Yoast SEO plugin. -->","yoast_head_json":{"title":"Nous allons r\u00e9ussir -Pr\u00e9servons le plateau de Lachaud et Ch\u00e2teaugay","description":"Pourquoi nous allons r\u00e9ussir ? Actions de l'association Pr\u00e9servons le plateau de Lachaud et Ch\u00e2teaugay contre le projet de carri\u00e8re \u00e0 Ch\u00e2teaugay.","robots":{"index":"index","follow":"follow","max-snippet":"max-snippet:-1","max-image-preview":"max-image-preview:large","max-video-preview":"max-video-preview:-1"},"canonical":"https:\/\/plateaulachaud.fr\/index.php\/pourquoi-allons-nous-reussir\/","og_locale":"fr_FR","og_type":"article","og_title":"Nous allons r\u00e9ussir -Pr\u00e9servons le plateau de Lachaud et Ch\u00e2teaugay","og_description":"Pourquoi nous allons r\u00e9ussir ? Actions de l'association Pr\u00e9servons le plateau de Lachaud et Ch\u00e2teaugay contre le projet de carri\u00e8re \u00e0 Ch\u00e2teaugay.","og_url":"https:\/\/plateaulachaud.fr\/index.php\/pourquoi-allons-nous-reussir\/","og_site_name":"Pr\u00e9servons le plateau de Lachaud et Ch\u00e2teaugay","article_modified_time":"2019-10-03T18:26:03+00:00","og_image":[{"width":1024,"height":768,"url":"https:\/\/i2.wp.com\/plateaulachaud.fr\/wp-content\/uploads\/2019\/03\/1024px-Ville_de_Ch\u00e2teaugay.jpg?fit=1024%2C768&ssl=1","type":"image\/jpeg"}],"twitter_card":"summary_large_image","twitter_misc":{"Dur\u00e9e de lecture estim\u00e9e":"2 minutes"},"schema":{"@context":"https:\/\/schema.org","@graph":[{"@type":"WebPage","@id":"https:\/\/plateaulachaud.fr\/index.php\/pourquoi-allons-nous-reussir\/","url":"https:\/\/plateaulachaud.fr\/index.php\/pourquoi-allons-nous-reussir\/","name":"Nous allons r\u00e9ussir -Pr\u00e9servons le plateau de Lachaud et Ch\u00e2teaugay","isPartOf":{"@id":"https:\/\/plateaulachaud.fr\/#website"},"primaryImageOfPage":{"@id":"https:\/\/plateaulachaud.fr\/index.php\/pourquoi-allons-nous-reussir\/#primaryimage"},"image":{"@id":"https:\/\/plateaulachaud.fr\/index.php\/pourquoi-allons-nous-reussir\/#primaryimage"},"thumbnailUrl":"https:\/\/i0.wp.com\/plateaulachaud.fr\/wp-content\/uploads\/2019\/03\/1024px-Ville_de_Ch%C3%A2teaugay.jpg?fit=1024%2C768&ssl=1","datePublished":"2019-03-17T19:49:51+00:00","dateModified":"2019-10-03T18:26:03+00:00","description":"Pourquoi nous allons r\u00e9ussir ? Actions de l'association Pr\u00e9servons le plateau de Lachaud et Ch\u00e2teaugay contre le projet de carri\u00e8re \u00e0 Ch\u00e2teaugay.","breadcrumb":{"@id":"https:\/\/plateaulachaud.fr\/index.php\/pourquoi-allons-nous-reussir\/#breadcrumb"},"inLanguage":"fr-FR","potentialAction":[{"@type":"ReadAction","target":["https:\/\/plateaulachaud.fr\/index.php\/pourquoi-allons-nous-reussir\/"]}]},{"@type":"ImageObject","inLanguage":"fr-FR","@id":"https:\/\/plateaulachaud.fr\/index.php\/pourquoi-allons-nous-reussir\/#primaryimage","url":"https:\/\/i0.wp.com\/plateaulachaud.fr\/wp-content\/uploads\/2019\/03\/1024px-Ville_de_Ch%C3%A2teaugay.jpg?fit=1024%2C768&ssl=1","contentUrl":"https:\/\/i0.wp.com\/plateaulachaud.fr\/wp-content\/uploads\/2019\/03\/1024px-Ville_de_Ch%C3%A2teaugay.jpg?fit=1024%2C768&ssl=1","width":1024,"height":768,"caption":"Vue g\u00e9n\u00e9rale de la ville de Ch\u00e2teaugay en 2008. GaMip \u2014 Travail personnel"},{"@type":"BreadcrumbList","@id":"https:\/\/plateaulachaud.fr\/index.php\/pourquoi-allons-nous-reussir\/#breadcrumb","itemListElement":[{"@type":"ListItem","position":1,"name":"Accueil","item":"https:\/\/plateaulachaud.fr\/"},{"@type":"ListItem","position":2,"name":"Pourquoi allons-nous r\u00e9ussir ?"}]},{"@type":"WebSite","@id":"https:\/\/plateaulachaud.fr\/#website","url":"https:\/\/plateaulachaud.fr\/","name":"Pr\u00e9servons le plateau de Lachaud et Ch\u00e2teaugay","description":"Non \u00e0 une nouvelle carri\u00e8re.","publisher":{"@id":"https:\/\/plateaulachaud.fr\/#organization"},"potentialAction":[{"@type":"SearchAction","target":{"@type":"EntryPoint","urlTemplate":"https:\/\/plateaulachaud.fr\/?s={search_term_string}"},"query-input":{"@type":"PropertyValueSpecification","valueRequired":true,"valueName":"search_term_string"}}],"inLanguage":"fr-FR"},{"@type":"Organization","@id":"https:\/\/plateaulachaud.fr\/#organization","name":"Pr\u00e9servons le Plateau de Lachaud et Ch\u00e2teaugay","url":"https:\/\/plateaulachaud.fr\/","logo":{"@type":"ImageObject","inLanguage":"fr-FR","@id":"https:\/\/plateaulachaud.fr\/#\/schema\/logo\/image\/","url":"https:\/\/i2.wp.com\/plateaulachaud.fr\/wp-content\/uploads\/2019\/09\/Plateau-arc-en-ciel-PANO.jpg?fit=6235%2C1606&ssl=1","contentUrl":"https:\/\/i2.wp.com\/plateaulachaud.fr\/wp-content\/uploads\/2019\/09\/Plateau-arc-en-ciel-PANO.jpg?fit=6235%2C1606&ssl=1","width":6235,"height":1606,"caption":"Pr\u00e9servons le Plateau de Lachaud et Ch\u00e2teaugay"},"image":{"@id":"https:\/\/plateaulachaud.fr\/#\/schema\/logo\/image\/"}}]}},"jetpack_sharing_enabled":true,"_links":{"self":[{"href":"https:\/\/plateaulachaud.fr\/index.php\/wp-json\/wp\/v2\/pages\/22","targetHints":{"allow":["GET"]}}],"collection":[{"href":"https:\/\/plateaulachaud.fr\/index.php\/wp-json\/wp\/v2\/pages"}],"about":[{"href":"https:\/\/plateaulachaud.fr\/index.php\/wp-json\/wp\/v2\/types\/page"}],"author":[{"embeddable":true,"href":"https:\/\/plateaulachaud.fr\/index.php\/wp-json\/wp\/v2\/users\/1"}],"replies":[{"embeddable":true,"href":"https:\/\/plateaulachaud.fr\/index.php\/wp-json\/wp\/v2\/comments?post=22"}],"version-history":[{"count":15,"href":"https:\/\/plateaulachaud.fr\/index.php\/wp-json\/wp\/v2\/pages\/22\/revisions"}],"predecessor-version":[{"id":587,"href":"https:\/\/plateaulachaud.fr\/index.php\/wp-json\/wp\/v2\/pages\/22\/revisions\/587"}],"wp:featuredmedia":[{"embeddable":true,"href":"https:\/\/plateaulachaud.fr\/index.php\/wp-json\/wp\/v2\/media\/35"}],"wp:attachment":[{"href":"https:\/\/plateaulachaud.fr\/index.php\/wp-json\/wp\/v2\/media?parent=22"}],"curies":[{"name":"wp","href":"https:\/\/api.w.org\/{rel}","templated":true}]}}